{"id":521,"date":"2022-10-31T07:12:41","date_gmt":"2022-10-31T07:12:41","guid":{"rendered":"https:\/\/kreanatura.cz\/?page_id=521"},"modified":"2025-12-15T12:18:35","modified_gmt":"2025-12-15T12:18:35","slug":"ochrana-osobnich-udaju","status":"publish","type":"page","link":"https:\/\/kreanatura.cz\/en\/conditions-of-personal-data-protection\/","title":{"rendered":"CONDITIONS OF PERSONAL DATA PROTECTION"},"content":{"rendered":"<div data-elementor-type=\"wp-page\" data-elementor-id=\"521\" class=\"elementor elementor-521\" data-elementor-post-type=\"page\">\n\t\t\t\t\t\t<section class=\"elementor-section elementor-top-section elementor-element elementor-element-a53132a elementor-section-boxed elementor-section-height-default elementor-section-height-default\" data-id=\"a53132a\" data-element_type=\"section\" data-e-type=\"section\" data-settings=\"{&quot;background_background&quot;:&quot;classic&quot;}\">\n\t\t\t\t\t\t\t<div class=\"elementor-background-overlay\"><\/div>\n\t\t\t\t\t\t\t<div class=\"elementor-container elementor-column-gap-default\">\n\t\t\t\t\t<div class=\"elementor-column elementor-col-100 elementor-top-column elementor-element elementor-element-35f332f\" data-id=\"35f332f\" data-element_type=\"column\" data-e-type=\"column\" data-settings=\"{&quot;background_background&quot;:&quot;classic&quot;}\">\n\t\t\t<div class=\"elementor-widget-wrap elementor-element-populated\">\n\t\t\t\t\t\t<section class=\"elementor-section elementor-inner-section elementor-element elementor-element-20bc5775 elementor-section-boxed elementor-section-height-default elementor-section-height-default\" data-id=\"20bc5775\" data-element_type=\"section\" data-e-type=\"section\">\n\t\t\t\t\t\t<div class=\"elementor-container elementor-column-gap-default\">\n\t\t\t\t\t<div class=\"elementor-column elementor-col-100 elementor-inner-column elementor-element elementor-element-1b8257b4\" data-id=\"1b8257b4\" data-element_type=\"column\" data-e-type=\"column\">\n\t\t\t<div class=\"elementor-widget-wrap elementor-element-populated\">\n\t\t\t\t\t\t<div class=\"elementor-element elementor-element-2f64f21f elementor-widget elementor-widget-text-editor\" data-id=\"2f64f21f\" data-element_type=\"widget\" data-e-type=\"widget\" data-widget_type=\"text-editor.default\">\n\t\t\t\t\t\t\t\t\t<h1 class=\"western\"><span style=\"font-family: playfairdisplay-bold, playfair display, serif;\"><span style=\"font-size: xx-large;\"><span style=\"color: #000000;\">PERSONAL DATA PROTECTION TERMS<\/span><\/span><\/span><\/h1><p><span style=\"font-family: montserrat, sans-serif;\"><span style=\"font-size: medium;\"><b><span style=\"color: #000000;\">AND.<\/span><\/b><\/span><\/span><\/p><p><span style=\"font-family: montserrat, sans-serif;\"><span style=\"font-size: medium;\"><b><span style=\"color: #000000;\">Basic provision<\/span><\/b><\/span><\/span><\/p><ol><li><p><span style=\"font-family: montserrat, sans-serif;\"><span style=\"font-size: medium;\"><span style=\"color: #000000;\">The administrator of personal data pursuant to Article 4 point 7 of Regulation (EU) 2016\/679 of the European Parliament and of the Council on the protection of natural persons in connection with the processing of personal data and on the free movement of such data (hereinafter: &quot;GDPR&quot;) is Ane\u017eka Prok\u0161ov\u00e1 I\u010c 09683151 with registered office Bukovina u Pecky, Pecky 50782 registered in the trade register maintained by the Nov\u00e1 Paka Municipal Office (hereinafter: &quot;seller&quot;).<\/span><\/span><\/span><\/p><\/li><li><p><span style=\"font-family: montserrat, sans-serif;\"><span style=\"font-size: medium;\"><span style=\"color: #000000;\">The seller&#039;s contact details are:\u00a0<\/span><\/span><\/span><span style=\"color: #000000; font-size: medium; font-family: montserrat, sans-serif; background-color: transparent; font-weight: var( --e-global-typography-text-font-weight );\">Ane\u017eka Prok\u0161ov\u00e1<\/span><\/p><\/li><\/ol><p><span style=\"font-family: montserrat, sans-serif;\"><span style=\"font-size: medium;\"><span style=\"color: #000000;\">address: Bukovina u Pecka 25, Pecka 50782<\/span><\/span><\/span><\/p><p><span style=\"color: #000000;\"><span style=\"font-family: montserrat, sans-serif;\"><span style=\"font-size: medium;\">e-mail: kreanatura<\/span><\/span><\/span><span style=\"color: #000000;\"><span style=\"font-family: montserrat, sans-serif;\"><span style=\"font-size: medium;\"><a href=\"mailto:alchifer@seznam.cz\" target=\"_self\">@centrum.cz<\/a><\/span><\/span><\/span><\/p><p><span style=\"font-family: montserrat, sans-serif;\"><span style=\"font-size: medium;\"><span style=\"color: #000000;\">phone: 604115488<\/span><\/span><\/span><\/p><ol><li><p><span style=\"font-family: montserrat, sans-serif;\"><span style=\"font-size: medium;\"><span style=\"color: #000000;\">Personal data means any information about an identified or identifiable natural person; an identifiable natural person is a natural person who can be directly or indirectly identified, in particular by reference to a certain identifier, for example a name, identification number, location data, network identifier or to one or more special elements of physical, physiological, genetic, psychological, economic, cultural or social identity of this natural person.<\/span><\/span><\/span><\/p><\/li><li><p><span style=\"font-family: montserrat, sans-serif;\"><span style=\"font-size: medium;\"><span style=\"color: #000000;\">The seller has not appointed a personal data protection officer.<\/span><\/span><\/span><\/p><\/li><\/ol><p><span style=\"color: #000000;\">\u00a0<\/span><\/p><p><span style=\"font-family: montserrat, sans-serif;\"><span style=\"font-size: medium;\"><b><span style=\"color: #000000;\">II.<\/span><\/b><\/span><\/span><\/p><p><span style=\"font-family: montserrat, sans-serif;\"><span style=\"font-size: medium;\"><b><span style=\"color: #000000;\">Sources and categories of processed personal data<\/span><\/b><\/span><\/span><\/p><ol><li><p><span style=\"font-family: montserrat, sans-serif;\"><span style=\"font-size: medium;\"><span style=\"color: #000000;\">The seller processes personal data that you have provided to him\/her or personal data that the administrator has obtained based on the fulfillment of your order:<\/span><\/span><\/span><\/p><\/li><\/ol><ul type=\"disc\"><li><p><span style=\"font-family: montserrat, sans-serif;\"><span style=\"font-size: medium;\"><span style=\"color: #000000;\">name and surname<\/span><\/span><\/span><\/p><\/li><li><p><span style=\"font-family: montserrat, sans-serif;\"><span style=\"font-size: medium;\"><span style=\"color: #000000;\">email address<\/span><\/span><\/span><\/p><\/li><li><p><span style=\"font-family: montserrat, sans-serif;\"><span style=\"font-size: medium;\"><span style=\"color: #000000;\">Postal address<\/span><\/span><\/span><\/p><\/li><li><p><span style=\"font-family: montserrat, sans-serif;\"><span style=\"font-size: medium;\"><span style=\"color: #000000;\">phone<\/span><\/span><\/span><\/p><p><span style=\"color: #000000;\">\u00a0<\/span><\/p><\/li><\/ul><ol><li><p><span style=\"font-family: montserrat, sans-serif;\"><span style=\"font-size: medium;\"><span style=\"color: #000000;\">The seller processes your identification and contact data and the data necessary for the performance of the contract.<\/span><\/span><\/span><\/p><\/li><\/ol><p><span style=\"color: #000000;\">\u00a0<\/span><\/p><p><span style=\"font-family: montserrat, sans-serif;\"><span style=\"font-size: medium;\"><b><span style=\"color: #000000;\">III.<\/span><\/b><\/span><\/span><\/p><p><span style=\"font-family: montserrat, sans-serif;\"><span style=\"font-size: medium;\"><b><span style=\"color: #000000;\">Legal reason and purpose of personal data processing<\/span><\/b><\/span><\/span><\/p><ol><li><p><span style=\"font-family: montserrat, sans-serif;\"><span style=\"font-size: medium;\"><span style=\"color: #000000;\">The purpose of personal data processing is<\/span><\/span><\/span><\/p><\/li><\/ol><ul type=\"disc\"><li><p><span style=\"font-family: montserrat, sans-serif;\"><span style=\"font-size: medium;\"><span style=\"color: #000000;\">the processing of your order and the performance of rights and obligations arising from the contractual relationship between you and the seller; when placing an order, personal data are required that are necessary for the successful processing of the order (name and address, contact), the provision of personal data is a necessary requirement for the conclusion and fulfillment of the contract, without the provision of personal data it is not possible to conclude the contract or fulfill it on the part of the administrator. The order is also a draft of the purchase contract, when the purchase contract itself is subsequently created by the actual delivery of the goods. A formal confirmation of the order by the seller is required to conclude the purchase contract.<\/span><\/span><\/span><\/p><\/li><\/ul><ol><li><p><span style=\"font-family: montserrat, sans-serif;\"><span style=\"font-size: medium;\"><span style=\"color: #000000;\">The administrator makes automatic individual decisions in the sense of Article 22 of the GDPR. You have given your express consent to such processing.<\/span><\/span><\/span><\/p><\/li><\/ol><p><span style=\"color: #000000;\">\u00a0<\/span><\/p><p><span style=\"font-family: montserrat, sans-serif;\"><span style=\"font-size: medium;\"><b><span style=\"color: #000000;\">IV.<\/span><\/b><\/span><\/span><\/p><p><span style=\"font-family: montserrat, sans-serif;\"><span style=\"font-size: medium;\"><b><span style=\"color: #000000;\">Data retention period<\/span><\/b><\/span><\/span><\/p><ol><li><p><span style=\"font-family: montserrat, sans-serif;\"><span style=\"font-size: medium;\"><span style=\"color: #000000;\">The administrator stores personal data<\/span><\/span><\/span><\/p><\/li><\/ol><ul type=\"disc\"><li><p><span style=\"font-family: montserrat, sans-serif;\"><span style=\"font-size: medium;\"><span style=\"color: #000000;\">for the period necessary to exercise the rights and obligations arising from the contractual relationship between you and the seller and to assert claims from these contractual relationships.<\/span><\/span><\/span><\/p><\/li><\/ul><p><span style=\"color: #000000;\">\u00a0<\/span><\/p><p><span style=\"font-family: montserrat, sans-serif;\"><span style=\"font-size: medium;\"><b><span style=\"color: #000000;\">IN.<\/span><\/b><\/span><\/span><\/p><p><span style=\"font-family: montserrat, sans-serif;\"><span style=\"font-size: medium;\"><b><span style=\"color: #000000;\">Recipients of personal data (controller&#039;s subcontractors)<\/span><\/b><\/span><\/span><\/p><ol><li><p><span style=\"font-family: montserrat, sans-serif;\"><span style=\"font-size: medium;\"><span style=\"color: #000000;\">Recipients of personal data are persons<\/span><\/span><\/span><\/p><\/li><\/ol><ul type=\"disc\"><li><p><span style=\"font-family: montserrat, sans-serif;\"><span style=\"font-size: medium;\"><span style=\"color: #000000;\">participating in the delivery of goods\/services\/realization of payments based on the contract,<\/span><\/span><\/span><\/p><\/li><li><p><span style=\"font-family: montserrat, sans-serif;\"><span style=\"font-size: medium;\"><span style=\"color: #000000;\">zaji\u0161\u0165uj\u00edc\u00ed slu\u017eby provozov\u00e1n\u00ed e-shopu a dal\u0161\u00ed slu\u017eby v souvislosti s provozov\u00e1n\u00edm e-shopu,<\/span><\/span><\/span><\/p><\/li><li><p><span style=\"font-family: montserrat, sans-serif;\"><span style=\"font-size: medium;\"><span style=\"color: #000000;\">providing marketing services.<\/span><\/span><\/span><\/p><\/li><\/ul><ol><li><p><span style=\"font-family: montserrat, sans-serif;\"><span style=\"font-size: medium;\"><span style=\"color: #000000;\">The seller does not intend to transfer personal data to a third country (a country outside the EU) or an international organization.<\/span><\/span><\/span><\/p><\/li><\/ol><p><span style=\"color: #000000;\">\u00a0<\/span><\/p><p><span style=\"font-family: montserrat, sans-serif;\"><span style=\"font-size: medium;\"><b><span style=\"color: #000000;\">VI.<\/span><\/b><\/span><\/span><\/p><p><span style=\"font-family: montserrat, sans-serif;\"><span style=\"font-size: medium;\"><b><span style=\"color: #000000;\">Personal data processors<\/span><\/b><\/span><\/span><\/p><ol><li><p><span style=\"font-family: montserrat, sans-serif;\"><span style=\"font-size: medium;\"><span style=\"color: #000000;\">The processing of personal data is carried out by the seller, but the following processors may also process personal data for him:<\/span><\/span><\/span><\/p><\/li><\/ol><ul type=\"disc\"><li><p><span style=\"font-family: montserrat, sans-serif;\"><span style=\"font-size: medium;\"><span style=\"color: #000000;\">another provider of processing software services and applications, but not currently used by the seller.<\/span><\/span><\/span><\/p><\/li><\/ul><p><span style=\"color: #000000;\">\u00a0<\/span><\/p><p><span style=\"color: #000000;\">\u00a0<\/span><\/p><p><span style=\"font-family: montserrat, sans-serif;\"><span style=\"font-size: medium;\"><b><span style=\"color: #000000;\">VII.<\/span><\/b><\/span><\/span><\/p><p><span style=\"font-family: montserrat, sans-serif;\"><span style=\"font-size: medium;\"><b><span style=\"color: #000000;\">Your rights<\/span><\/b><\/span><\/span><\/p><ol><li><p><span style=\"font-family: montserrat, sans-serif;\"><span style=\"font-size: medium;\"><span style=\"color: #000000;\">Under the conditions set out in the GDPR, you have<\/span><\/span><\/span><\/p><\/li><\/ol><ul type=\"disc\"><li><p><span style=\"font-family: montserrat, sans-serif;\"><span style=\"font-size: medium;\"><span style=\"color: #000000;\">the right to access your personal data according to Article 15 GDPR,<\/span><\/span><\/span><\/p><\/li><li><p><span style=\"font-family: montserrat, sans-serif;\"><span style=\"font-size: medium;\"><span style=\"color: #000000;\">the right to correct personal data according to Article 16 GDPR, or restriction of processing according to Article 18 GDPR,<\/span><\/span><\/span><\/p><\/li><li><p><span style=\"font-family: montserrat, sans-serif;\"><span style=\"font-size: medium;\"><span style=\"color: #000000;\">the right to erasure of personal data according to Article 17 GDPR,<\/span><\/span><\/span><\/p><\/li><li><p><span style=\"font-family: montserrat, sans-serif;\"><span style=\"font-size: medium;\"><span style=\"color: #000000;\">the right to object to processing according to Article 21 GDPR,<\/span><\/span><\/span><\/p><\/li><li><p><span style=\"font-family: montserrat, sans-serif;\"><span style=\"font-size: medium;\"><span style=\"color: #000000;\">the right to data portability according to Article 20 GDPR.<\/span><\/span><\/span><\/p><p><span style=\"color: #000000;\">\u00a0<\/span><\/p><\/li><\/ul><ol><li><p><span style=\"font-family: montserrat, sans-serif;\"><span style=\"font-size: medium;\"><span style=\"color: #000000;\">You also have the right to file a complaint with the Office for the Protection of Personal Data if you believe that your right to the protection of personal data has been violated, or to go to court.<\/span><\/span><\/span><\/p><\/li><\/ol><p><span style=\"color: #000000;\">\u00a0<\/span><\/p><p><span style=\"font-family: montserrat, sans-serif;\"><span style=\"font-size: medium;\"><b><span style=\"color: #000000;\">VIII.<\/span><\/b><\/span><\/span><\/p><p><span style=\"font-family: montserrat, sans-serif;\"><span style=\"font-size: medium;\"><b><span style=\"color: #000000;\">Terms of security of personal data<\/span><\/b><\/span><\/span><\/p><ol><li><p><span style=\"font-family: montserrat, sans-serif;\"><span style=\"font-size: medium;\"><span style=\"color: #000000;\">The seller declares that he has taken all appropriate technical and organizational measures to secure personal data.<\/span><\/span><\/span><\/p><\/li><li><p><span style=\"font-family: montserrat, sans-serif;\"><span style=\"font-size: medium;\"><span style=\"color: #000000;\">The seller has taken technical measures to secure data stores and personal data stores in paper form, especially passwords, anti-virus program, backups.<\/span><\/span><\/span><\/p><\/li><li><p><span style=\"font-family: montserrat, sans-serif;\"><span style=\"font-size: medium;\"><span style=\"color: #000000;\">The seller declares that only authorized persons have access to personal data.<\/span><\/span><\/span><\/p><\/li><\/ol><p><span style=\"color: #000000;\">\u00a0<\/span><\/p><p><span style=\"font-family: montserrat, sans-serif;\"><span style=\"font-size: medium;\"><b><span style=\"color: #000000;\">IX<br \/>Final Provisions<\/span><\/b><\/span><\/span><\/p><ol><li><p><span style=\"font-family: montserrat, sans-serif;\"><span style=\"font-size: medium;\"><span style=\"color: #000000;\">By submitting an order from the online order form, you confirm that you are familiar with the terms of personal data protection and that you accept them in their entirety.<\/span><\/span><\/span><\/p><\/li><li><p><span style=\"font-family: montserrat, sans-serif;\"><span style=\"font-size: medium;\"><span style=\"color: #000000;\">You agree to these terms and conditions by ticking your consent via the online form. By checking consent, you confirm that you are familiar with the terms of personal data protection and that you accept them in their entirety.<\/span><\/span><\/span><\/p><\/li><li><p><span style=\"font-family: montserrat, sans-serif;\"><span style=\"font-size: medium;\"><span style=\"color: #000000;\">The seller is entitled to change these conditions. It will publish the new version of the personal data protection conditions on its website and at the same time send you the new version of these conditions to your e-mail address that you provided to the administrator.<\/span><\/span><\/span><\/p><\/li><\/ol><p><span style=\"color: #000000;\">\u00a0<\/span><\/p><p><span style=\"font-family: montserrat, sans-serif;\"><span style=\"font-size: medium;\"><span style=\"color: #000000;\">Tyto podm\u00ednky nab\u00fdvaj\u00ed \u00fa\u010dinnosti dnem 3.2.2025<\/span><\/span><\/span><\/p>\t\t\t\t\t\t\t\t<\/div>\n\t\t\t\t\t<\/div>\n\t\t<\/div>\n\t\t\t\t\t<\/div>\n\t\t<\/section>\n\t\t\t\t\t<\/div>\n\t\t<\/div>\n\t\t\t\t\t<\/div>\n\t\t<\/section>\n\t\t\t\t<\/div>","protected":false},"excerpt":{"rendered":"<p>PODM\u00cdNKY OCHRANY OSOBN\u00cdCH \u00daDAJ\u016e I. Z\u00e1kladn\u00ed ustanoven\u00ed Spr\u00e1vcem osobn\u00edch \u00fadaj\u016f podle \u010dl. 4 bod 7 na\u0159\u00edzen\u00ed Evropsk\u00e9ho parlamentu a Rady (EU) 2016\/679 o ochran\u011b fyzick\u00fdch osob v souvislosti se zpracov\u00e1n\u00edm osobn\u00edch \u00fadaj\u016f a o voln\u00e9m pohybu t\u011bchto \u00fadaj\u016f (d\u00e1le jen: \u201eGDPR\u201d) je Ane\u017eka Prok\u0161ov\u00e1 I\u010c 09683151 se s\u00eddlem Bukovina u Pecky, Pecky 50782 zapsan\u00e1 v [&hellip;]<\/p>\n","protected":false},"author":2,"featured_media":0,"parent":0,"menu_order":0,"comment_status":"closed","ping_status":"closed","template":"","meta":{"footnotes":""},"class_list":["post-521","page","type-page","status-publish","hentry"],"_links":{"self":[{"href":"https:\/\/kreanatura.cz\/en\/wp-json\/wp\/v2\/pages\/521","targetHints":{"allow":["GET"]}}],"collection":[{"href":"https:\/\/kreanatura.cz\/en\/wp-json\/wp\/v2\/pages"}],"about":[{"href":"https:\/\/kreanatura.cz\/en\/wp-json\/wp\/v2\/types\/page"}],"author":[{"embeddable":true,"href":"https:\/\/kreanatura.cz\/en\/wp-json\/wp\/v2\/users\/2"}],"replies":[{"embeddable":true,"href":"https:\/\/kreanatura.cz\/en\/wp-json\/wp\/v2\/comments?post=521"}],"version-history":[{"count":6,"href":"https:\/\/kreanatura.cz\/en\/wp-json\/wp\/v2\/pages\/521\/revisions"}],"predecessor-version":[{"id":2797,"href":"https:\/\/kreanatura.cz\/en\/wp-json\/wp\/v2\/pages\/521\/revisions\/2797"}],"wp:attachment":[{"href":"https:\/\/kreanatura.cz\/en\/wp-json\/wp\/v2\/media?parent=521"}],"curies":[{"name":"wp","href":"https:\/\/api.w.org\/{rel}","templated":true}]}}